{"id":26707,"date":"2022-05-12T11:26:48","date_gmt":"2022-05-12T09:26:48","guid":{"rendered":"https:\/\/folkdeco.fr\/?post_type=product&#038;p=26707"},"modified":"2024-11-22T15:53:24","modified_gmt":"2024-11-22T14:53:24","slug":"taie-doreiller-canopee","status":"publish","type":"product","link":"https:\/\/folkparis.com\/en\/product\/taie-doreiller-canopee\/","title":{"rendered":"Taie d&rsquo;oreiller Canop\u00e9e"},"content":{"rendered":"<p>100 % coton &#8211; satin de coton<\/p>\n<p>La taie d\u2019oreiller CANOP\u00c9E est inspir\u00e9e d\u2019un th\u00e8me v\u00e9g\u00e9tal et animalier, th\u00e8me au c\u0153ur des tendances de la mode et de la d\u00e9co du 21e si\u00e8cle. On observe une v\u00e9g\u00e9tation luxuriante peupl\u00e9e d\u2019oiseaux exotiques sur la face de cette taie d\u2019oreiller. Son dos imprim\u00e9 d\u2019un motif micro-tissage \u2018\u2019Ikat\u2019\u2019 argent apporte un contrepoint d\u2019une grande modernit\u00e9 \u00e0 ce mod\u00e8le. Les taies d\u2019oreillers sont confectionn\u00e9es avec un ruban gros grain contrast\u00e9 en passepoil. Satin de coton 120 fils\/cm\u00b2 ou 300 TC, impression num\u00e9rique.<\/p>","protected":false},"excerpt":{"rendered":"<p>100 % coton &#8211; satin de coton<\/p>\n<p>La taie d\u2019oreiller CANOP\u00c9E est inspir\u00e9e d\u2019un th\u00e8me v\u00e9g\u00e9tal et animalier, th\u00e8me au c\u0153ur des tendances de la mode et de la d\u00e9co du 21e si\u00e8cle. On observe une v\u00e9g\u00e9tation luxuriante peupl\u00e9e d\u2019oiseaux exotiques sur la face de cette taie d\u2019oreiller. Son dos imprim\u00e9 d\u2019un motif micro-tissage \u2018\u2019Ikat\u2019\u2019 argent apporte un contrepoint d\u2019une grande modernit\u00e9 \u00e0 ce mod\u00e8le. Les taies d\u2019oreillers sont confectionn\u00e9es avec un ruban gros grain contrast\u00e9 en passepoil. Satin de coton 120 fils\/cm\u00b2 ou 300 TC, impression num\u00e9rique.<\/p>","protected":false},"featured_media":26708,"comment_status":"open","ping_status":"closed","template":"","meta":{"_acf_changed":false,"_et_pb_use_builder":"","_et_pb_old_content":"","_et_gb_content_width":""},"product_brand":[],"product_cat":[56,70],"product_tag":[],"class_list":{"0":"post-26707","1":"product","2":"type-product","3":"status-publish","4":"has-post-thumbnail","6":"product_cat-taies-doreiller","7":"product_cat-decoration","8":"product_shipping_class-maison","10":"first","11":"instock","12":"taxable","13":"shipping-taxable","14":"purchasable","15":"product-type-simple"},"acf":[],"jetpack_sharing_enabled":true,"_links":{"self":[{"href":"https:\/\/folkparis.com\/en\/wp-json\/wp\/v2\/product\/26707","targetHints":{"allow":["GET"]}}],"collection":[{"href":"https:\/\/folkparis.com\/en\/wp-json\/wp\/v2\/product"}],"about":[{"href":"https:\/\/folkparis.com\/en\/wp-json\/wp\/v2\/types\/product"}],"replies":[{"embeddable":true,"href":"https:\/\/folkparis.com\/en\/wp-json\/wp\/v2\/comments?post=26707"}],"wp:featuredmedia":[{"embeddable":true,"href":"https:\/\/folkparis.com\/en\/wp-json\/wp\/v2\/media\/26708"}],"wp:attachment":[{"href":"https:\/\/folkparis.com\/en\/wp-json\/wp\/v2\/media?parent=26707"}],"wp:term":[{"taxonomy":"product_brand","embeddable":true,"href":"https:\/\/folkparis.com\/en\/wp-json\/wp\/v2\/product_brand?post=26707"},{"taxonomy":"product_cat","embeddable":true,"href":"https:\/\/folkparis.com\/en\/wp-json\/wp\/v2\/product_cat?post=26707"},{"taxonomy":"product_tag","embeddable":true,"href":"https:\/\/folkparis.com\/en\/wp-json\/wp\/v2\/product_tag?post=26707"}],"curies":[{"name":"wp","href":"https:\/\/api.w.org\/{rel}","templated":true}]}}